{"id":60,"date":"2020-02-07T10:53:38","date_gmt":"2020-02-07T09:53:38","guid":{"rendered":"http:\/\/www.weigel-messgeraete.de\/en\/?page_id=60"},"modified":"2020-02-21T12:12:07","modified_gmt":"2020-02-21T11:12:07","slug":"aktuelles","status":"publish","type":"page","link":"https:\/\/www.weigel-messgeraete.de\/en\/aktuelles\/","title":{"rendered":"Aktuelles"},"content":{"rendered":"<div id='full_slider_1'  class='avia-fullwidth-slider main_color avia-shadow   avia-builder-el-0  el_before_av_section  avia-builder-el-first   container_wrap fullsize' style=' '  ><div   data-size='featured'  data-lightbox_size='large'  data-animation='slide'  data-conditional_play=''  data-ids='62'  data-video_counter='0'  data-autoplay='false'  data-bg_slider='false'  data-slide_height=''  data-handle='av_slideshow_full'  data-interval='5'  data-class=' '  data-el_id=''  data-css_id=''  data-scroll_down=''  data-control_layout='av-control-default'  data-custom_markup=''  data-perma_caption=''  data-autoplay_stopper=''  data-image_attachment=''  data-min_height='0px'  data-lazy_loading='disabled'  data-src=''  data-position='top left'  data-repeat='no-repeat'  data-attach='scroll'  data-stretch=''  data-default-height='28.666666666667'  class='avia-slideshow avia-slideshow-1  av-control-default av-default-height-applied avia-slideshow-featured av_slideshow_full   avia-slide-slider '  itemprop=\"image\" itemscope=\"itemscope\" itemtype=\"https:\/\/schema.org\/ImageObject\" ><ul class='avia-slideshow-inner ' style='padding-bottom: 26.666666666667%;' ><li  class=' av-single-slide slide-1 ' ><div data-rel='slideshow-1' class='avia-slide-wrap '   ><img decoding=\"async\" class=\"wp-image-62 avia-img-lazy-loading-not-62\"  src=\"https:\/\/www.weigel-messgeraete.de\/en\/wp-content\/uploads\/sites\/2\/2020\/02\/HEADER_Aktuelles-1500x400.jpg\" width=\"1500\" height=\"400\" title='HEADER_Aktuelles' alt=''  itemprop=\"thumbnailUrl\"   \/><\/div><\/li><\/ul><\/div><\/div>\n<div id='av_section_1'  class='avia-section main_color avia-section-default avia-no-border-styling  avia-bg-style-scroll  avia-builder-el-1  el_after_av_slideshow_full  avia-builder-el-last   container_wrap fullsize' style='background-repeat: repeat; background-image: url(https:\/\/www.weigel-messgeraete.de\/en\/wp-content\/uploads\/sites\/2\/2020\/02\/raster1.png);background-attachment: scroll; background-position: center center;  '  data-section-bg-repeat='repeat'><div class='container' ><div class='template-page content  av-content-full alpha units'><div class='post-entry post-entry-type-page post-entry-60'><div class='entry-content-wrapper clearfix'>\n<div class='flex_column_table av-equal-height-column-flextable -flextable' ><div class=\"flex_column av_one_third  no_margin flex_column_table_cell av-equal-height-column av-align-top av-zero-column-padding first  avia-builder-el-2  el_before_av_two_third  avia-builder-el-first  \" style='background: #ffffff; background-color:#ffffff; border-radius:0px; '><div  class='avia-image-container  av-styling-    avia-builder-el-3  avia-builder-el-no-sibling  avia-align-center '  itemprop=\"image\" itemscope=\"itemscope\" itemtype=\"https:\/\/schema.org\/ImageObject\"  ><div class='avia-image-container-inner'><div class='avia-image-overlay-wrap'><img decoding=\"async\" class='wp-image-67 avia-img-lazy-loading-not-67 avia_image' src=\"https:\/\/www.weigel-messgeraete.de\/en\/wp-content\/uploads\/sites\/2\/2020\/02\/SERANAQ2.jpg\" alt='' title='SERANAQ2' height=\"2126\" width=\"1417\"  itemprop=\"thumbnailUrl\" srcset=\"https:\/\/www.weigel-messgeraete.de\/en\/wp-content\/uploads\/sites\/2\/2020\/02\/SERANAQ2.jpg 1417w, https:\/\/www.weigel-messgeraete.de\/en\/wp-content\/uploads\/sites\/2\/2020\/02\/SERANAQ2-200x300.jpg 200w, https:\/\/www.weigel-messgeraete.de\/en\/wp-content\/uploads\/sites\/2\/2020\/02\/SERANAQ2-687x1030.jpg 687w, https:\/\/www.weigel-messgeraete.de\/en\/wp-content\/uploads\/sites\/2\/2020\/02\/SERANAQ2-768x1152.jpg 768w, https:\/\/www.weigel-messgeraete.de\/en\/wp-content\/uploads\/sites\/2\/2020\/02\/SERANAQ2-1024x1536.jpg 1024w, https:\/\/www.weigel-messgeraete.de\/en\/wp-content\/uploads\/sites\/2\/2020\/02\/SERANAQ2-1365x2048.jpg 1365w, https:\/\/www.weigel-messgeraete.de\/en\/wp-content\/uploads\/sites\/2\/2020\/02\/SERANAQ2-1000x1500.jpg 1000w, https:\/\/www.weigel-messgeraete.de\/en\/wp-content\/uploads\/sites\/2\/2020\/02\/SERANAQ2-470x705.jpg 470w\" sizes=\"(max-width: 1417px) 100vw, 1417px\" \/><\/div><\/div><\/div><\/div><div class=\"flex_column av_two_third  no_margin flex_column_table_cell av-equal-height-column av-align-top   avia-builder-el-4  el_after_av_one_third  el_before_av_hr  \" style='background: #ffffff; padding:20px; background-color:#ffffff; border-radius:0px; '><section class=\"av_textblock_section \"  itemscope=\"itemscope\" itemtype=\"https:\/\/schema.org\/CreativeWork\" ><div class='avia_textblock  '   itemprop=\"text\" ><header class=\"entry-header\">\n<h3>Analogue displays for ship navigation<\/h3>\n<\/header>\n<div class=\"entry-summary\">\n<p>Our digitally controlled analog displays Serana-Q are being used for ship navigation. The devices have two redundant interfaces for NMEA signals according to IEC 61161-1 and IEC 61161-2. The rotation speed, rudder angle and propeller speed indicators are Wheelmark certified. The display of all other data is possible with the types certified according to DNV-GL Type Approval.<\/p>\n<p><a href=\"http:\/\/www.weigel-messgeraete.de\/en\/wp-content\/uploads\/sites\/2\/2020\/02\/SeranaQ_8e.pdf\" rel=\"noopener\">Datasheet <i id=\"icon-1\" class=\"icon-pdf g1-icon g1-icon--none g1-icon--medium g1-icon--inherit \"><\/i>SERANA<\/a><\/p>\n<p><a href=\"http:\/\/www.weigel-messgeraete.de\/en\/wp-content\/uploads\/sites\/2\/2020\/02\/Weigel_SERANA-Q_96_144_Produktfolder_WEB_EN.pdf\" rel=\"noopener\">Flyer <i id=\"icon-2\" class=\"icon-pdf g1-icon g1-icon--none g1-icon--medium g1-icon--inherit \"><\/i> SERANA<\/a><\/p>\n<\/div>\n<\/div><\/section><\/div><\/div><!--close column table wrapper. Autoclose: 1 --><div  style='height:50px' class='hr hr-invisible   avia-builder-el-6  el_after_av_two_third  el_before_av_one_third '><span class='hr-inner ' ><span class='hr-inner-style'><\/span><\/span><\/div>\n<div class='flex_column_table av-equal-height-column-flextable -flextable' ><div class=\"flex_column av_one_third  no_margin flex_column_table_cell av-equal-height-column av-align-top av-zero-column-padding first  avia-builder-el-7  el_after_av_hr  el_before_av_two_third  \" style='background: #ffffff; background-color:#ffffff; border-radius:0px; '><div  class='avia-image-container  av-styling-    avia-builder-el-8  avia-builder-el-no-sibling  avia-align-center '  itemprop=\"image\" itemscope=\"itemscope\" itemtype=\"https:\/\/schema.org\/ImageObject\"  ><div class='avia-image-container-inner'><div class='avia-image-overlay-wrap'><img decoding=\"async\" class='wp-image-68 avia-img-lazy-loading-not-68 avia_image' src=\"https:\/\/www.weigel-messgeraete.de\/en\/wp-content\/uploads\/sites\/2\/2020\/02\/SER_DIM.jpg\" alt='' title='SER_DIM' height=\"2126\" width=\"1417\"  itemprop=\"thumbnailUrl\" srcset=\"https:\/\/www.weigel-messgeraete.de\/en\/wp-content\/uploads\/sites\/2\/2020\/02\/SER_DIM.jpg 1417w, https:\/\/www.weigel-messgeraete.de\/en\/wp-content\/uploads\/sites\/2\/2020\/02\/SER_DIM-200x300.jpg 200w, https:\/\/www.weigel-messgeraete.de\/en\/wp-content\/uploads\/sites\/2\/2020\/02\/SER_DIM-687x1030.jpg 687w, https:\/\/www.weigel-messgeraete.de\/en\/wp-content\/uploads\/sites\/2\/2020\/02\/SER_DIM-768x1152.jpg 768w, https:\/\/www.weigel-messgeraete.de\/en\/wp-content\/uploads\/sites\/2\/2020\/02\/SER_DIM-1024x1536.jpg 1024w, https:\/\/www.weigel-messgeraete.de\/en\/wp-content\/uploads\/sites\/2\/2020\/02\/SER_DIM-1365x2048.jpg 1365w, https:\/\/www.weigel-messgeraete.de\/en\/wp-content\/uploads\/sites\/2\/2020\/02\/SER_DIM-1000x1500.jpg 1000w, https:\/\/www.weigel-messgeraete.de\/en\/wp-content\/uploads\/sites\/2\/2020\/02\/SER_DIM-470x705.jpg 470w\" sizes=\"(max-width: 1417px) 100vw, 1417px\" \/><\/div><\/div><\/div><\/div><div class=\"flex_column av_two_third  no_margin flex_column_table_cell av-equal-height-column av-align-top   avia-builder-el-9  el_after_av_one_third  el_before_av_hr  \" style='background: #ffffff; padding:20px; background-color:#ffffff; border-radius:0px; '><section class=\"av_textblock_section \"  itemscope=\"itemscope\" itemtype=\"https:\/\/schema.org\/CreativeWork\" ><div class='avia_textblock  '   itemprop=\"text\" ><header class=\"entry-header\">\n<h3>Analogue Dimmer for navigation devices<\/h3>\n<\/header>\n<div class=\"entry-summary\">\n<p>Our analogue Dimmer is suitable for external dimming of our serial analogue display instruments and all navigation and display units with analog inputs. It is available in two designs \u2013 either space-saving for front panel mounting or in a built-in housing for control panels, machine consoles or mosaic grids.<\/p>\n<p><a href=\"http:\/\/www.weigel-messgeraete.de\/en\/wp-content\/uploads\/sites\/2\/2020\/02\/SeranaDimmer_1e.pdf\" rel=\"noopener\">Datasheet <i id=\"icon-3\" class=\"icon-pdf g1-icon g1-icon--none g1-icon--medium g1-icon--inherit \"><\/i>\u00a0<\/a><\/p>\n<\/div>\n<\/div><\/section><\/div><\/div><!--close column table wrapper. Autoclose: 1 --><div  style='height:50px' class='hr hr-invisible   avia-builder-el-11  el_after_av_two_third  el_before_av_one_third '><span class='hr-inner ' ><span class='hr-inner-style'><\/span><\/span><\/div>\n<div class='flex_column_table av-equal-height-column-flextable -flextable' ><div class=\"flex_column av_one_third  no_margin flex_column_table_cell av-equal-height-column av-align-top av-zero-column-padding first  avia-builder-el-12  el_after_av_hr  el_before_av_two_third  \" style='background: #ffffff; background-color:#ffffff; border-radius:0px; '><div  class='avia-image-container  av-styling-    avia-builder-el-13  avia-builder-el-no-sibling  avia-align-center '  itemprop=\"image\" itemscope=\"itemscope\" itemtype=\"https:\/\/schema.org\/ImageObject\"  ><div class='avia-image-container-inner'><div class='avia-image-overlay-wrap'><img decoding=\"async\" class='wp-image-69 avia-img-lazy-loading-not-69 avia_image' src=\"https:\/\/www.weigel-messgeraete.de\/en\/wp-content\/uploads\/sites\/2\/2020\/02\/WELOG.jpg\" alt='' title='WELOG' height=\"2126\" width=\"1417\"  itemprop=\"thumbnailUrl\" srcset=\"https:\/\/www.weigel-messgeraete.de\/en\/wp-content\/uploads\/sites\/2\/2020\/02\/WELOG.jpg 1417w, https:\/\/www.weigel-messgeraete.de\/en\/wp-content\/uploads\/sites\/2\/2020\/02\/WELOG-200x300.jpg 200w, https:\/\/www.weigel-messgeraete.de\/en\/wp-content\/uploads\/sites\/2\/2020\/02\/WELOG-687x1030.jpg 687w, https:\/\/www.weigel-messgeraete.de\/en\/wp-content\/uploads\/sites\/2\/2020\/02\/WELOG-768x1152.jpg 768w, https:\/\/www.weigel-messgeraete.de\/en\/wp-content\/uploads\/sites\/2\/2020\/02\/WELOG-1024x1536.jpg 1024w, https:\/\/www.weigel-messgeraete.de\/en\/wp-content\/uploads\/sites\/2\/2020\/02\/WELOG-1365x2048.jpg 1365w, https:\/\/www.weigel-messgeraete.de\/en\/wp-content\/uploads\/sites\/2\/2020\/02\/WELOG-1000x1500.jpg 1000w, https:\/\/www.weigel-messgeraete.de\/en\/wp-content\/uploads\/sites\/2\/2020\/02\/WELOG-470x705.jpg 470w\" sizes=\"(max-width: 1417px) 100vw, 1417px\" \/><\/div><\/div><\/div><\/div><div class=\"flex_column av_two_third  no_margin flex_column_table_cell av-equal-height-column av-align-top   avia-builder-el-14  el_after_av_one_third  el_before_av_hr  \" style='background: #ffffff; padding:20px; background-color:#ffffff; border-radius:0px; '><section class=\"av_textblock_section \"  itemscope=\"itemscope\" itemtype=\"https:\/\/schema.org\/CreativeWork\" ><div class='avia_textblock  '   itemprop=\"text\" ><header class=\"entry-header\">\n<h3>Multi\u2013Datalogger WELog<\/h3>\n<\/header>\n<div class=\"entry-summary\">\n<p>Our Multi-Datalogger WELog records energy and power data in accordance with ISO 50001 in order to evaluate energy efficiency and subsequently derive energy-saving potential. With our WELog, the energy consumption of your devices and rooms can be displayed transparently through webmonitoring. All information is available in an integrated web server with database and enables reading and analysis of the data at any time. Hence the mapping of a complete energy management system is possible with our starter package.<\/p>\n<\/div>\n<\/div><\/section><\/div><\/div><!--close column table wrapper. Autoclose: 1 --><div  style='height:50px' class='hr hr-invisible   avia-builder-el-16  el_after_av_two_third  el_before_av_one_third '><span class='hr-inner ' ><span class='hr-inner-style'><\/span><\/span><\/div>\n<div class='flex_column_table av-equal-height-column-flextable -flextable' ><div class=\"flex_column av_one_third  no_margin flex_column_table_cell av-equal-height-column av-align-top av-zero-column-padding first  avia-builder-el-17  el_after_av_hr  el_before_av_two_third  \" style='background: #ffffff; background-color:#ffffff; border-radius:0px; '><div  class='avia-image-container  av-styling-    avia-builder-el-18  avia-builder-el-no-sibling  avia-align-center '  itemprop=\"image\" itemscope=\"itemscope\" itemtype=\"https:\/\/schema.org\/ImageObject\"  ><div class='avia-image-container-inner'><div class='avia-image-overlay-wrap'><img decoding=\"async\" class='wp-image-70 avia-img-lazy-loading-not-70 avia_image' src=\"https:\/\/www.weigel-messgeraete.de\/en\/wp-content\/uploads\/sites\/2\/2020\/02\/WPMx09W.jpg\" alt='' title='WPMx09W' height=\"2126\" width=\"1417\"  itemprop=\"thumbnailUrl\" srcset=\"https:\/\/www.weigel-messgeraete.de\/en\/wp-content\/uploads\/sites\/2\/2020\/02\/WPMx09W.jpg 1417w, https:\/\/www.weigel-messgeraete.de\/en\/wp-content\/uploads\/sites\/2\/2020\/02\/WPMx09W-200x300.jpg 200w, https:\/\/www.weigel-messgeraete.de\/en\/wp-content\/uploads\/sites\/2\/2020\/02\/WPMx09W-687x1030.jpg 687w, https:\/\/www.weigel-messgeraete.de\/en\/wp-content\/uploads\/sites\/2\/2020\/02\/WPMx09W-768x1152.jpg 768w, https:\/\/www.weigel-messgeraete.de\/en\/wp-content\/uploads\/sites\/2\/2020\/02\/WPMx09W-1024x1536.jpg 1024w, https:\/\/www.weigel-messgeraete.de\/en\/wp-content\/uploads\/sites\/2\/2020\/02\/WPMx09W-1365x2048.jpg 1365w, https:\/\/www.weigel-messgeraete.de\/en\/wp-content\/uploads\/sites\/2\/2020\/02\/WPMx09W-1000x1500.jpg 1000w, https:\/\/www.weigel-messgeraete.de\/en\/wp-content\/uploads\/sites\/2\/2020\/02\/WPMx09W-470x705.jpg 470w\" sizes=\"(max-width: 1417px) 100vw, 1417px\" \/><\/div><\/div><\/div><\/div><div class=\"flex_column av_two_third  no_margin flex_column_table_cell av-equal-height-column av-align-top   avia-builder-el-19  el_after_av_one_third  el_before_av_hr  \" style='background: #ffffff; padding:20px; background-color:#ffffff; border-radius:0px; '><section class=\"av_textblock_section \"  itemscope=\"itemscope\" itemtype=\"https:\/\/schema.org\/CreativeWork\" ><div class='avia_textblock  '   itemprop=\"text\" ><header class=\"entry-header\">\n<h3>Multifunction Displays WPM 209\/309 with Rogowski Coils<\/h3>\n<\/header>\n<div class=\"entry-summary\">\n<p>he WPM 209\/309 is equipped with inputs for Rogowski coils and ensures quick and safe installation. Due to the Ethernet port with integrated web servers, the settings can be made easily and the measurement results can be read out as well.<\/p>\n<p><a href=\"http:\/\/www.weigel-messgeraete.de\/en\/wp-content\/uploads\/sites\/2\/2020\/02\/WPMx09RGW_d-2.pdf\" rel=\"noopener\">Datasheet <i id=\"icon-3\" class=\"icon-pdf g1-icon g1-icon--none g1-icon--medium g1-icon--inherit \"><\/i>\u00a0<\/a><\/p>\n<\/div>\n<\/div><\/section><\/div><\/div><!--close column table wrapper. Autoclose: 1 --><div  style='height:50px' class='hr hr-invisible   avia-builder-el-21  el_after_av_two_third  el_before_av_one_third '><span class='hr-inner ' ><span class='hr-inner-style'><\/span><\/span><\/div>\n<div class='flex_column_table av-equal-height-column-flextable -flextable' ><div class=\"flex_column av_one_third  no_margin flex_column_table_cell av-equal-height-column av-align-top av-zero-column-padding first  avia-builder-el-22  el_after_av_hr  el_before_av_two_third  \" style='background: #ffffff; background-color:#ffffff; border-radius:0px; '><div  class='avia-image-container  av-styling-    avia-builder-el-23  avia-builder-el-no-sibling  avia-align-center '  itemprop=\"image\" itemscope=\"itemscope\" itemtype=\"https:\/\/schema.org\/ImageObject\"  ><div class='avia-image-container-inner'><div class='avia-image-overlay-wrap'><img decoding=\"async\" class='wp-image-71 avia-img-lazy-loading-not-71 avia_image' src=\"https:\/\/www.weigel-messgeraete.de\/en\/wp-content\/uploads\/sites\/2\/2020\/02\/SIT30.jpg\" alt='' title='SIT30' height=\"1063\" width=\"709\"  itemprop=\"thumbnailUrl\" srcset=\"https:\/\/www.weigel-messgeraete.de\/en\/wp-content\/uploads\/sites\/2\/2020\/02\/SIT30.jpg 709w, https:\/\/www.weigel-messgeraete.de\/en\/wp-content\/uploads\/sites\/2\/2020\/02\/SIT30-200x300.jpg 200w, https:\/\/www.weigel-messgeraete.de\/en\/wp-content\/uploads\/sites\/2\/2020\/02\/SIT30-687x1030.jpg 687w, https:\/\/www.weigel-messgeraete.de\/en\/wp-content\/uploads\/sites\/2\/2020\/02\/SIT30-470x705.jpg 470w\" sizes=\"(max-width: 709px) 100vw, 709px\" \/><\/div><\/div><\/div><\/div><div class=\"flex_column av_two_third  no_margin flex_column_table_cell av-equal-height-column av-align-top   avia-builder-el-24  el_after_av_one_third  el_before_av_hr  \" style='background: #ffffff; padding:20px; background-color:#ffffff; border-radius:0px; '><section class=\"av_textblock_section \"  itemscope=\"itemscope\" itemtype=\"https:\/\/schema.org\/CreativeWork\" ><div class='avia_textblock  '   itemprop=\"text\" ><header class=\"entry-header\">\n<h3>Signaling stack lights<\/h3>\n<\/header>\n<div class=\"entry-summary\">\n<p>The signal lamps SIT30 are particularly distinguished by their compact design and the wide range of possible applications. They are suitable for use in laboratories, industrial environments and in building technology.<\/p>\n<p><a href=\"http:\/\/www.weigel-messgeraete.de\/en\/wp-content\/uploads\/sites\/2\/2020\/02\/SIT30_e.pdf\" rel=\"noopener\">Datasheet<i class=\"icon-pdf\"><\/i><\/a><\/p>\n<\/div>\n<\/div><\/section><\/div><\/div><!--close column table wrapper. Autoclose: 1 --><div  style='height:50px' class='hr hr-invisible   avia-builder-el-26  el_after_av_two_third  el_before_av_one_third '><span class='hr-inner ' ><span class='hr-inner-style'><\/span><\/span><\/div>\n<div class='flex_column_table av-equal-height-column-flextable -flextable' ><div class=\"flex_column av_one_third  no_margin flex_column_table_cell av-equal-height-column av-align-top av-zero-column-padding first  avia-builder-el-27  el_after_av_hr  el_before_av_two_third  \" style='background: #ffffff; background-color:#ffffff; border-radius:0px; '><div  class='avia-image-container  av-styling-    avia-builder-el-28  avia-builder-el-no-sibling  avia-align-center '  itemprop=\"image\" itemscope=\"itemscope\" itemtype=\"https:\/\/schema.org\/ImageObject\"  ><div class='avia-image-container-inner'><div class='avia-image-overlay-wrap'><img decoding=\"async\" class='wp-image-72 avia-img-lazy-loading-not-72 avia_image' src=\"https:\/\/www.weigel-messgeraete.de\/en\/wp-content\/uploads\/sites\/2\/2020\/02\/FOTOS_Aktuelles_02.jpg\" alt='' title='FOTOS_Aktuelles_02' height=\"300\" width=\"300\"  itemprop=\"thumbnailUrl\" srcset=\"https:\/\/www.weigel-messgeraete.de\/en\/wp-content\/uploads\/sites\/2\/2020\/02\/FOTOS_Aktuelles_02.jpg 300w, https:\/\/www.weigel-messgeraete.de\/en\/wp-content\/uploads\/sites\/2\/2020\/02\/FOTOS_Aktuelles_02-80x80.jpg 80w, https:\/\/www.weigel-messgeraete.de\/en\/wp-content\/uploads\/sites\/2\/2020\/02\/FOTOS_Aktuelles_02-36x36.jpg 36w, https:\/\/www.weigel-messgeraete.de\/en\/wp-content\/uploads\/sites\/2\/2020\/02\/FOTOS_Aktuelles_02-180x180.jpg 180w\" sizes=\"(max-width: 300px) 100vw, 300px\" \/><\/div><\/div><\/div><\/div><div class=\"flex_column av_two_third  no_margin flex_column_table_cell av-equal-height-column av-align-top   avia-builder-el-29  el_after_av_one_third  el_before_av_hr  \" style='background: #ffffff; padding:20px; background-color:#ffffff; border-radius:0px; '><section class=\"av_textblock_section \"  itemscope=\"itemscope\" itemtype=\"https:\/\/schema.org\/CreativeWork\" ><div class='avia_textblock  '   itemprop=\"text\" ><header class=\"entry-header\">\n<h3>Energy Counters WEZ-Series<\/h3>\n<\/header>\n<div class=\"entry-summary\">\n<p>The Energy Counters of the WEZ-series fulfill all requirements of the EN 50001 energy management systems. The devices are MID certified and available for 80A direct measurement and for current transformer 1A\/5A (on site programmable). WEZ counters offer a flexible communication via infrared interface and optional communication modules.<\/p>\n<p><a href=\"http:\/\/www.weigel-messgeraete.de\/en\/produkte\/energiezaehler\/\" rel=\"noopener\">zur WEZ-Serie <i class=\"icon-list\"><\/i><\/a><\/p>\n<p><a href=\"http:\/\/www.weigel-messgeraete.de\/en\/kontakt\/\">Kontakt Vertrieb <i class=\"icon-contact\"><\/i><\/a><\/p>\n<\/div>\n<\/div><\/section><\/div><\/div><!--close column table wrapper. Autoclose: 1 --><div  style='height:50px' class='hr hr-invisible   avia-builder-el-31  el_after_av_two_third  el_before_av_one_third '><span class='hr-inner ' ><span class='hr-inner-style'><\/span><\/span><\/div>\n<div class='flex_column_table av-equal-height-column-flextable -flextable' ><div class=\"flex_column av_one_third  no_margin flex_column_table_cell av-equal-height-column av-align-top av-zero-column-padding first  avia-builder-el-32  el_after_av_hr  el_before_av_two_third  \" style='background: #ffffff; background-color:#ffffff; border-radius:0px; '><div  class='avia-image-container  av-styling-    avia-builder-el-33  avia-builder-el-no-sibling  avia-align-center '  itemprop=\"image\" itemscope=\"itemscope\" itemtype=\"https:\/\/schema.org\/ImageObject\"  ><div class='avia-image-container-inner'><div class='avia-image-overlay-wrap'><img decoding=\"async\" class='wp-image-73 avia-img-lazy-loading-not-73 avia_image' src=\"https:\/\/www.weigel-messgeraete.de\/en\/wp-content\/uploads\/sites\/2\/2020\/02\/FOTOS_Aktuelles_03.jpg\" alt='' title='FOTOS_Aktuelles_03' height=\"300\" width=\"300\"  itemprop=\"thumbnailUrl\" srcset=\"https:\/\/www.weigel-messgeraete.de\/en\/wp-content\/uploads\/sites\/2\/2020\/02\/FOTOS_Aktuelles_03.jpg 300w, https:\/\/www.weigel-messgeraete.de\/en\/wp-content\/uploads\/sites\/2\/2020\/02\/FOTOS_Aktuelles_03-80x80.jpg 80w, https:\/\/www.weigel-messgeraete.de\/en\/wp-content\/uploads\/sites\/2\/2020\/02\/FOTOS_Aktuelles_03-36x36.jpg 36w, https:\/\/www.weigel-messgeraete.de\/en\/wp-content\/uploads\/sites\/2\/2020\/02\/FOTOS_Aktuelles_03-180x180.jpg 180w\" sizes=\"(max-width: 300px) 100vw, 300px\" \/><\/div><\/div><\/div><\/div><div class=\"flex_column av_two_third  no_margin flex_column_table_cell av-equal-height-column av-align-top   avia-builder-el-34  el_after_av_one_third  el_before_av_hr  \" style='background: #ffffff; padding:20px; background-color:#ffffff; border-radius:0px; '><section class=\"av_textblock_section \"  itemscope=\"itemscope\" itemtype=\"https:\/\/schema.org\/CreativeWork\" ><div class='avia_textblock  '   itemprop=\"text\" ><header class=\"entry-header\">\n<h3>WPM-Series add on<\/h3>\n<\/header>\n<div class=\"entry-summary\">\n<p>The WPM-770 is the newest member of the succesfull WPM-Family. It offers all well known feautures but has the possiblity to add up to 3 optional modules (interfaces, additional memory\u2026). The WPM-770 possesses high flexibility at a competitive price level.<\/p>\n<p><a href=\"http:\/\/www.weigel-messgeraete.de\/en\/produkte\/multifunktionsmessgeraete\/\" rel=\"noopener\">zur WMP-Serie <i class=\"icon-list\"><\/i><\/a><\/p>\n<p><a href=\"http:\/\/www.weigel-messgeraete.de\/en\/kontakt\/\">Kontakt Vertrieb <i class=\"icon-contact\"><\/i><\/a><\/p>\n<\/div>\n<\/div><\/section><\/div><\/div><!--close column table wrapper. Autoclose: 1 --><div  style='height:50px' class='hr hr-invisible   avia-builder-el-36  el_after_av_two_third  el_before_av_one_third '><span class='hr-inner ' ><span class='hr-inner-style'><\/span><\/span><\/div>\n<div class='flex_column_table av-equal-height-column-flextable -flextable' ><div class=\"flex_column av_one_third  no_margin flex_column_table_cell av-equal-height-column av-align-top av-zero-column-padding first  avia-builder-el-37  el_after_av_hr  el_before_av_two_third  \" style='background: #ffffff; background-color:#ffffff; border-radius:0px; '><div  class='avia-image-container  av-styling-    avia-builder-el-38  avia-builder-el-no-sibling  avia-align-center '  itemprop=\"image\" itemscope=\"itemscope\" itemtype=\"https:\/\/schema.org\/ImageObject\"  ><div class='avia-image-container-inner'><div class='avia-image-overlay-wrap'><img decoding=\"async\" class='wp-image-74 avia-img-lazy-loading-not-74 avia_image' src=\"https:\/\/www.weigel-messgeraete.de\/en\/wp-content\/uploads\/sites\/2\/2020\/02\/KBR.jpg\" alt='' title='KBR' height=\"400\" width=\"400\"  itemprop=\"thumbnailUrl\" srcset=\"https:\/\/www.weigel-messgeraete.de\/en\/wp-content\/uploads\/sites\/2\/2020\/02\/KBR.jpg 400w, https:\/\/www.weigel-messgeraete.de\/en\/wp-content\/uploads\/sites\/2\/2020\/02\/KBR-300x300.jpg 300w, https:\/\/www.weigel-messgeraete.de\/en\/wp-content\/uploads\/sites\/2\/2020\/02\/KBR-80x80.jpg 80w, https:\/\/www.weigel-messgeraete.de\/en\/wp-content\/uploads\/sites\/2\/2020\/02\/KBR-36x36.jpg 36w, https:\/\/www.weigel-messgeraete.de\/en\/wp-content\/uploads\/sites\/2\/2020\/02\/KBR-180x180.jpg 180w\" sizes=\"(max-width: 400px) 100vw, 400px\" \/><\/div><\/div><\/div><\/div><div class=\"flex_column av_two_third  no_margin flex_column_table_cell av-equal-height-column av-align-top   avia-builder-el-39  el_after_av_one_third  el_before_av_hr  \" style='background: #ffffff; padding:20px; background-color:#ffffff; border-radius:0px; '><section class=\"av_textblock_section \"  itemscope=\"itemscope\" itemtype=\"https:\/\/schema.org\/CreativeWork\" ><div class='avia_textblock  '   itemprop=\"text\" ><header class=\"entry-header\">\n<h3>New split core transformers \u2013 the KBR-Series<\/h3>\n<\/header>\n<div class=\"entry-summary\">\n<p>The split core transformer range was enlarged about the KBR-Series. These transformers are very easy to install into already existing panel boards without additional mounting requirements due to their special locking mechanism.<\/p>\n<p>The KBR-Series is available up to 600A, secondary nominal current 1A and 5A \u2013 KBR32 and KBR44 also for 4\u202620mA (power supply 24V DC).<\/p>\n<p><a href=\"http:\/\/www.weigel-messgeraete.de\/en\/produkte\/zubehoer\/\" rel=\"noopener\">zur KBU\/KBR-Serie <i class=\"icon-list\"><\/i><\/a><\/p>\n<p><a href=\"http:\/\/www.weigel-messgeraete.de\/en\/kontakt\/\">Kontakt Vertrieb <i class=\"icon-contact\"><\/i><\/a><\/p>\n<\/div>\n<\/div><\/section><\/div><\/div><!--close column table wrapper. Autoclose: 1 --><div  style='height:50px' class='hr hr-invisible   avia-builder-el-41  el_after_av_two_third  el_before_av_one_third '><span class='hr-inner ' ><span class='hr-inner-style'><\/span><\/span><\/div>\n<div class='flex_column_table av-equal-height-column-flextable -flextable' ><div class=\"flex_column av_one_third  no_margin flex_column_table_cell av-equal-height-column av-align-top av-zero-column-padding first  avia-builder-el-42  el_after_av_hr  el_before_av_two_third  \" style='background: #ffffff; background-color:#ffffff; border-radius:0px; '><div  class='avia-image-container  av-styling-    avia-builder-el-43  avia-builder-el-no-sibling  avia-align-center '  itemprop=\"image\" itemscope=\"itemscope\" itemtype=\"https:\/\/schema.org\/ImageObject\"  ><div class='avia-image-container-inner'><div class='avia-image-overlay-wrap'><img decoding=\"async\" class='wp-image-75 avia-img-lazy-loading-not-75 avia_image' src=\"https:\/\/www.weigel-messgeraete.de\/en\/wp-content\/uploads\/sites\/2\/2020\/02\/FOTOS_Aktuelles_06.jpg\" alt='' title='FOTOS_Aktuelles_06' height=\"600\" width=\"600\"  itemprop=\"thumbnailUrl\" srcset=\"https:\/\/www.weigel-messgeraete.de\/en\/wp-content\/uploads\/sites\/2\/2020\/02\/FOTOS_Aktuelles_06.jpg 600w, https:\/\/www.weigel-messgeraete.de\/en\/wp-content\/uploads\/sites\/2\/2020\/02\/FOTOS_Aktuelles_06-300x300.jpg 300w, https:\/\/www.weigel-messgeraete.de\/en\/wp-content\/uploads\/sites\/2\/2020\/02\/FOTOS_Aktuelles_06-80x80.jpg 80w, https:\/\/www.weigel-messgeraete.de\/en\/wp-content\/uploads\/sites\/2\/2020\/02\/FOTOS_Aktuelles_06-36x36.jpg 36w, https:\/\/www.weigel-messgeraete.de\/en\/wp-content\/uploads\/sites\/2\/2020\/02\/FOTOS_Aktuelles_06-180x180.jpg 180w\" sizes=\"(max-width: 600px) 100vw, 600px\" \/><\/div><\/div><\/div><\/div><div class=\"flex_column av_two_third  no_margin flex_column_table_cell av-equal-height-column av-align-top   avia-builder-el-44  el_after_av_one_third  el_before_av_hr  \" style='background: #ffffff; padding:20px; background-color:#ffffff; border-radius:0px; '><section class=\"av_textblock_section \"  itemscope=\"itemscope\" itemtype=\"https:\/\/schema.org\/CreativeWork\" ><div class='avia_textblock  '   itemprop=\"text\" ><header class=\"entry-header\">\n<h3>Solar Displays<\/h3>\n<\/header>\n<div class=\"entry-summary\">\n<p>You want to monitor the information of your solar power plant or need a communication medium enlightning the solarization or showing the saved carbon dioxid? The WGA-Series of Weigel is the right product for you. These solar displays are manufactured with glass housings for outdoor use and aluminium housing for indoor applications.<\/p>\n<p><a href=\"http:\/\/www.weigel-messgeraete.de\/en\/produkte\/solaranzeigen\/\" target=\"_blank\" rel=\"noopener\">zur WGA-Serie <i class=\"icon-list\"><\/i><\/a><\/p>\n<p><a href=\"http:\/\/www.weigel-messgeraete.de\/en\/kontakt\/\">Kontakt Vertrieb <i class=\"icon-contact\"><\/i><\/a><\/p>\n<\/div>\n<\/div><\/section><\/div><\/div><!--close column table wrapper. Autoclose: 1 --><div  style='height:50px' class='hr hr-invisible   avia-builder-el-46  el_after_av_two_third  el_before_av_one_third '><span class='hr-inner ' ><span class='hr-inner-style'><\/span><\/span><\/div>\n<div class='flex_column_table av-equal-height-column-flextable -flextable' ><div class=\"flex_column av_one_third  no_margin flex_column_table_cell av-equal-height-column av-align-top av-zero-column-padding first  avia-builder-el-47  el_after_av_hr  el_before_av_two_third  \" style='background: #ffffff; background-color:#ffffff; border-radius:0px; '><div  class='avia-image-container  av-styling-    avia-builder-el-48  avia-builder-el-no-sibling  avia-align-center '  itemprop=\"image\" itemscope=\"itemscope\" itemtype=\"https:\/\/schema.org\/ImageObject\"  ><div class='avia-image-container-inner'><div class='avia-image-overlay-wrap'><img decoding=\"async\" class='wp-image-66 avia-img-lazy-loading-not-66 avia_image' src=\"https:\/\/www.weigel-messgeraete.de\/en\/wp-content\/uploads\/sites\/2\/2020\/02\/FOTOS_Aktuelles_07.jpg\" alt='' title='FOTOS_Aktuelles_07' height=\"300\" width=\"300\"  itemprop=\"thumbnailUrl\" srcset=\"https:\/\/www.weigel-messgeraete.de\/en\/wp-content\/uploads\/sites\/2\/2020\/02\/FOTOS_Aktuelles_07.jpg 300w, https:\/\/www.weigel-messgeraete.de\/en\/wp-content\/uploads\/sites\/2\/2020\/02\/FOTOS_Aktuelles_07-80x80.jpg 80w, https:\/\/www.weigel-messgeraete.de\/en\/wp-content\/uploads\/sites\/2\/2020\/02\/FOTOS_Aktuelles_07-36x36.jpg 36w, https:\/\/www.weigel-messgeraete.de\/en\/wp-content\/uploads\/sites\/2\/2020\/02\/FOTOS_Aktuelles_07-180x180.jpg 180w\" sizes=\"(max-width: 300px) 100vw, 300px\" \/><\/div><\/div><\/div><\/div><div class=\"flex_column av_two_third  no_margin flex_column_table_cell av-equal-height-column av-align-top   avia-builder-el-49  el_after_av_one_third  avia-builder-el-last  \" style='background: #ffffff; padding:20px; background-color:#ffffff; border-radius:0px; '><section class=\"av_textblock_section \"  itemscope=\"itemscope\" itemtype=\"https:\/\/schema.org\/CreativeWork\" ><div class='avia_textblock  '   itemprop=\"text\" ><header class=\"entry-header\">\n<h3>Analogue Meters with Stepper Motor<\/h3>\n<\/header>\n<div class=\"entry-summary\">\n<p>The Analogue Meters with Stepper Motor LSSM3 and LRSM3 are extremely rugged and ideal for use in tough industrial ambient conditions, like e.g., in ships and rail vehicles. The indicators are available with 240\u00b0-300\u00b0 (LSSM3) or 360\u00b0 (LRSM3) dial. Optional features are for example: LED dial and optionally pointer illumination (for more options see datasheet).<\/p>\n<p><a href=\"http:\/\/www.weigel-messgeraete.de\/en\/produkte\/analogmessgeraete-mit-schrittmotoranzeiger\/\" target=\"_blank\" rel=\"noopener\">zu LSSM3\/LRSM3 <i class=\"icon-list\"><\/i><\/a><\/p>\n<p><a href=\"http:\/\/www.weigel-messgeraete.de\/en\/kontakt\/\">Kontakt Vertrieb <i class=\"icon-contact\"><\/i><\/a><\/p>\n<\/div>\n<\/div><\/section><\/div><\/div><!--close column table wrapper. Autoclose: 1 -->\n","protected":false},"excerpt":{"rendered":"","protected":false},"author":1,"featured_media":0,"parent":0,"menu_order":0,"comment_status":"closed","ping_status":"closed","template":"","meta":{"footnotes":""},"class_list":["post-60","page","type-page","status-publish","hentry"],"yoast_head":"<!-- This site is optimized with the Yoast SEO plugin v25.6 - https:\/\/yoast.com\/wordpress\/plugins\/seo\/ -->\n<title>Latest news, Weigel Me\u00dfger\u00e4te<\/title>\n<meta name=\"description\" content=\"Weigel from Nuremberg Germany is a family enterprise which stands f\u00fcr outstanding quality in the area of electrical and electronic measuring technology. Click here for news.\" \/>\n<meta name=\"robots\" content=\"index, follow, max-snippet:-1, max-image-preview:large, max-video-preview:-1\" \/>\n<link rel=\"canonical\" href=\"https:\/\/www.weigel-messgeraete.de\/en\/aktuelles\/\" \/>\n<meta property=\"og:locale\" content=\"en_US\" \/>\n<meta property=\"og:type\" content=\"article\" \/>\n<meta property=\"og:title\" content=\"Latest news, Weigel Me\u00dfger\u00e4te\" \/>\n<meta property=\"og:description\" content=\"Weigel from Nuremberg Germany is a family enterprise which stands f\u00fcr outstanding quality in the area of electrical and electronic measuring technology. Click here for news.\" \/>\n<meta property=\"og:url\" content=\"https:\/\/www.weigel-messgeraete.de\/en\/aktuelles\/\" \/>\n<meta property=\"og:site_name\" content=\"EN\" \/>\n<meta property=\"article:modified_time\" content=\"2020-02-21T11:12:07+00:00\" \/>\n<meta name=\"twitter:card\" content=\"summary_large_image\" \/>\n<meta name=\"twitter:label1\" content=\"Est. reading time\" \/>\n\t<meta name=\"twitter:data1\" content=\"25 minutes\" \/>\n<script type=\"application\/ld+json\" class=\"yoast-schema-graph\">{\"@context\":\"https:\/\/schema.org\",\"@graph\":[{\"@type\":\"WebPage\",\"@id\":\"https:\/\/www.weigel-messgeraete.de\/en\/aktuelles\/\",\"url\":\"https:\/\/www.weigel-messgeraete.de\/en\/aktuelles\/\",\"name\":\"Latest news, Weigel Me\u00dfger\u00e4te\",\"isPartOf\":{\"@id\":\"https:\/\/www.weigel-messgeraete.de\/en\/#website\"},\"datePublished\":\"2020-02-07T09:53:38+00:00\",\"dateModified\":\"2020-02-21T11:12:07+00:00\",\"description\":\"Weigel from Nuremberg Germany is a family enterprise which stands f\u00fcr outstanding quality in the area of electrical and electronic measuring technology. Click here for news.\",\"breadcrumb\":{\"@id\":\"https:\/\/www.weigel-messgeraete.de\/en\/aktuelles\/#breadcrumb\"},\"inLanguage\":\"en-US\",\"potentialAction\":[{\"@type\":\"ReadAction\",\"target\":[\"https:\/\/www.weigel-messgeraete.de\/en\/aktuelles\/\"]}]},{\"@type\":\"BreadcrumbList\",\"@id\":\"https:\/\/www.weigel-messgeraete.de\/en\/aktuelles\/#breadcrumb\",\"itemListElement\":[{\"@type\":\"ListItem\",\"position\":1,\"name\":\"Startseite\",\"item\":\"https:\/\/www.weigel-messgeraete.de\/en\/\"},{\"@type\":\"ListItem\",\"position\":2,\"name\":\"Aktuelles\"}]},{\"@type\":\"WebSite\",\"@id\":\"https:\/\/www.weigel-messgeraete.de\/en\/#website\",\"url\":\"https:\/\/www.weigel-messgeraete.de\/en\/\",\"name\":\"EN\",\"description\":\"\",\"potentialAction\":[{\"@type\":\"SearchAction\",\"target\":{\"@type\":\"EntryPoint\",\"urlTemplate\":\"https:\/\/www.weigel-messgeraete.de\/en\/?s={search_term_string}\"},\"query-input\":{\"@type\":\"PropertyValueSpecification\",\"valueRequired\":true,\"valueName\":\"search_term_string\"}}],\"inLanguage\":\"en-US\"}]}<\/script>\n<!-- \/ Yoast SEO plugin. -->","yoast_head_json":{"title":"Latest news, Weigel Me\u00dfger\u00e4te","description":"Weigel from Nuremberg Germany is a family enterprise which stands f\u00fcr outstanding quality in the area of electrical and electronic measuring technology. Click here for news.","robots":{"index":"index","follow":"follow","max-snippet":"max-snippet:-1","max-image-preview":"max-image-preview:large","max-video-preview":"max-video-preview:-1"},"canonical":"https:\/\/www.weigel-messgeraete.de\/en\/aktuelles\/","og_locale":"en_US","og_type":"article","og_title":"Latest news, Weigel Me\u00dfger\u00e4te","og_description":"Weigel from Nuremberg Germany is a family enterprise which stands f\u00fcr outstanding quality in the area of electrical and electronic measuring technology. Click here for news.","og_url":"https:\/\/www.weigel-messgeraete.de\/en\/aktuelles\/","og_site_name":"EN","article_modified_time":"2020-02-21T11:12:07+00:00","twitter_card":"summary_large_image","twitter_misc":{"Est. reading time":"25 minutes"},"schema":{"@context":"https:\/\/schema.org","@graph":[{"@type":"WebPage","@id":"https:\/\/www.weigel-messgeraete.de\/en\/aktuelles\/","url":"https:\/\/www.weigel-messgeraete.de\/en\/aktuelles\/","name":"Latest news, Weigel Me\u00dfger\u00e4te","isPartOf":{"@id":"https:\/\/www.weigel-messgeraete.de\/en\/#website"},"datePublished":"2020-02-07T09:53:38+00:00","dateModified":"2020-02-21T11:12:07+00:00","description":"Weigel from Nuremberg Germany is a family enterprise which stands f\u00fcr outstanding quality in the area of electrical and electronic measuring technology. Click here for news.","breadcrumb":{"@id":"https:\/\/www.weigel-messgeraete.de\/en\/aktuelles\/#breadcrumb"},"inLanguage":"en-US","potentialAction":[{"@type":"ReadAction","target":["https:\/\/www.weigel-messgeraete.de\/en\/aktuelles\/"]}]},{"@type":"BreadcrumbList","@id":"https:\/\/www.weigel-messgeraete.de\/en\/aktuelles\/#breadcrumb","itemListElement":[{"@type":"ListItem","position":1,"name":"Startseite","item":"https:\/\/www.weigel-messgeraete.de\/en\/"},{"@type":"ListItem","position":2,"name":"Aktuelles"}]},{"@type":"WebSite","@id":"https:\/\/www.weigel-messgeraete.de\/en\/#website","url":"https:\/\/www.weigel-messgeraete.de\/en\/","name":"EN","description":"","potentialAction":[{"@type":"SearchAction","target":{"@type":"EntryPoint","urlTemplate":"https:\/\/www.weigel-messgeraete.de\/en\/?s={search_term_string}"},"query-input":{"@type":"PropertyValueSpecification","valueRequired":true,"valueName":"search_term_string"}}],"inLanguage":"en-US"}]}},"_links":{"self":[{"href":"https:\/\/www.weigel-messgeraete.de\/en\/wp-json\/wp\/v2\/pages\/60","targetHints":{"allow":["GET"]}}],"collection":[{"href":"https:\/\/www.weigel-messgeraete.de\/en\/wp-json\/wp\/v2\/pages"}],"about":[{"href":"https:\/\/www.weigel-messgeraete.de\/en\/wp-json\/wp\/v2\/types\/page"}],"author":[{"embeddable":true,"href":"https:\/\/www.weigel-messgeraete.de\/en\/wp-json\/wp\/v2\/users\/1"}],"replies":[{"embeddable":true,"href":"https:\/\/www.weigel-messgeraete.de\/en\/wp-json\/wp\/v2\/comments?post=60"}],"version-history":[{"count":41,"href":"https:\/\/www.weigel-messgeraete.de\/en\/wp-json\/wp\/v2\/pages\/60\/revisions"}],"predecessor-version":[{"id":1504,"href":"https:\/\/www.weigel-messgeraete.de\/en\/wp-json\/wp\/v2\/pages\/60\/revisions\/1504"}],"wp:attachment":[{"href":"https:\/\/www.weigel-messgeraete.de\/en\/wp-json\/wp\/v2\/media?parent=60"}],"curies":[{"name":"wp","href":"https:\/\/api.w.org\/{rel}","templated":true}]}}